{"id":360,"date":"2016-11-03T17:59:05","date_gmt":"2016-11-03T17:59:05","guid":{"rendered":"http:\/\/lawyer2.mythemecloud.io\/?page_id=360"},"modified":"2025-02-13T21:44:11","modified_gmt":"2025-02-13T21:44:11","slug":"faq","status":"publish","type":"page","link":"https:\/\/resirg.org\/beta\/faq\/","title":{"rendered":"Recherche scientifique"},"content":{"rendered":"\t\t<div data-elementor-type=\"wp-page\" data-elementor-id=\"360\" class=\"elementor elementor-360\">\n\t\t\t\t\t\t<section class=\"elementor-section elementor-top-section elementor-element elementor-element-67afb063 elementor-section-boxed elementor-section-height-default elementor-section-height-default\" data-id=\"67afb063\" data-element_type=\"section\">\n\t\t\t\t\t\t<div class=\"elementor-container elementor-column-gap-default\">\n\t\t\t\t\t<div class=\"elementor-column elementor-col-100 elementor-top-column elementor-element elementor-element-77b8783d\" data-id=\"77b8783d\" data-element_type=\"column\">\n\t\t\t<div class=\"elementor-widget-wrap elementor-element-populated\">\n\t\t\t\t\t\t<div class=\"elementor-element elementor-element-5b16e6d4 elementor-widget elementor-widget-text-editor\" data-id=\"5b16e6d4\" data-element_type=\"widget\" data-widget_type=\"text-editor.default\">\n\t\t\t\t<div class=\"elementor-widget-container\">\n\t\t\t\t\t\t\t\t\t<p><span style=\"color: #000000;\">Contrairement au g\u00e9nocide des Arm\u00e9niens et celui des Juifs, deux des 3 plus grands g\u00e9nocide du XX\u00e8me si\u00e8cle, le g\u00e9nocide des Tutsis du Rwanda en 1994 a rapidement fait objet d\u2019int\u00e9r\u00eat scientifique et m\u00e9diatique.<\/span><\/p><p><span style=\"color: #000000;\">En environ 25 ans, un nombre important de publications a \u00e9t\u00e9 produit (articles, th\u00e8ses, m\u00e9moire, livres, etc.), certaines allant dans le bon sens qui informe le public de ce qui s\u2019est r\u00e9ellement pass\u00e9e, d\u2019autres allant dans un sens qui fr\u00f4le le n\u00e9gationnisme ou la banalisation, mais d\u2019autres sont visiblement n\u00e9gationnistes.<\/span><\/p><p><span style=\"color: #000000;\">Les travaux effectu\u00e9s sur ce g\u00e9nocide sont de plusieurs types, allant des t\u00e9moignages r\u00e9els des survivants aux t\u00e9moignages-fictions ou des mises en formes litt\u00e9raires sur base de t\u00e9moignages, des romans, des pi\u00e8ces de th\u00e9\u00e2tre, des bandes dessin\u00e9es, des films documentaires, des th\u00e8ses de doctorat et de master, etc.<\/span><\/p><p><span style=\"color: #000000;\">Cependant, on remarque que \u00ab\u00a0ce g\u00e9nocide n\u2019a pas encore fini de livrer tous ses secrets\u00a0\u00bb, et que beaucoup reste encore \u00e0 faire. Des questions fondamentales demeurent, notamment en termes de gen\u00e8se, de pr\u00e9paration, de perp\u00e9tration, mais aussi de gestion de ses cons\u00e9quences, et surtout de meilleures m\u00e9thodes de pr\u00e9servation et de transmission de la m\u00e9moire des victimes et de lutte contre le n\u00e9gationnisme.<\/span><\/p><p><span style=\"color: #000000;\">Le R\u00e9seau International Recherche &amp; G\u00e9nocide (RESIRG asbl) voudrais apporter sa modeste contribution \u00e0 l\u2019\u00e9dification de cette m\u00e9moire universelle, en soutenant les recherches en cours ou en r\u00e9alisant lui-m\u00eame ses propres recherches.<\/span><\/p><p><span style=\"color: #000000;\">Il se propose donc de MOBILISER POUR LA RECHERCHE SCIENTIFIQUE SUR LE G\u00c9NOCIDE ANTI TUTSI\u00a0:<\/span><\/p><ul><li><span style=\"color: #000000;\">Recherche scientifique, non pas seulement en transversalit\u00e9, comme c\u2019est le cas aujourd\u2019hui, mais de mani\u00e8re th\u00e9matique\u00a0;<\/span><\/li><li><span style=\"color: #000000;\">Recherche scientifique, non pas de mani\u00e8re \u00e9pisodique, mais de mani\u00e8re cyclique, ou p\u00e9riodique\u00a0;<\/span><\/li><li><span style=\"color: #000000;\">Recherche scientifique, non pas de mani\u00e8re occasionnelle, mais de mani\u00e8re<\/span><\/li><li><span style=\"color: #000000;\">Recherche scientifique, non pas de mani\u00e8re conjoncturelle, mais de mani\u00e8re structurelle.<\/span><\/li><\/ul><p><span style=\"color: #000000;\">Il s\u2019agit l\u00e0 d\u2019une responsabilit\u00e9 qui porte sur la suffisance documentaire et sur la suffisance de la phase heuristique, c\u2019est-\u00e0-dire la phase relative \u00e0 une \u00e9ventuelle d\u00e9couverte des aspects \u00e0 ce jour inconnus, m\u00e9connus ou mal connus.<\/span><\/p><p><span style=\"color: #000000;\">Voil\u00e0 qui, th\u00e9oriquement, va conf\u00e9rer \u00e0 notre asbl son ADN et son caract\u00e8re original.<\/span><\/p><p><span style=\"color: #000000;\">Mais, comment est-ce que dans le contexte sp\u00e9cifique ou singulier d\u2019un g\u00e9nocide, peut-on d\u00e9cliner th\u00e8mes et sujets, caract\u00e9ristiques et crit\u00e8res, en r\u00e9f\u00e9rence \u00e0 la connaissance scientifiquement \u00e9labor\u00e9e, quel que soit le domaine abord\u00e9 du savoir ?<\/span><\/p><p><span style=\"color: #000000;\">1\/ LA CONSTITUTION ET LA DISPONIBILISATION DE FICHIERS EXISTANTS\u00a0:<\/span><\/p><p><span style=\"color: #000000;\">Quels travaux acad\u00e9miques, scientifiques, professionnels ou techniques ont d\u00e9j\u00e0 \u00e9t\u00e9 publi\u00e9s ? Nous comptons interroger le :<\/span><\/p><ul><li><span style=\"color: #000000;\">Fichier National Rwandais des Th\u00e8ses et autres publications\u00a0;<\/span><\/li><li><span style=\"color: #000000;\">Fichier National Fran\u00e7ais des Th\u00e8ses (qui ne compte actuellement pas mois d\u2019une centaine de th\u00e8ses)\u00a0;<\/span><\/li><li><span style=\"color: #000000;\">Fichier National Belge des th\u00e8ses et m\u00e9moires (s\u2019il existe)\u00a0;<\/span><\/li><li><span style=\"color: #000000;\">Fichier National Canadien, Am\u00e9ricain, Britannique, etc\u2026.<\/span><\/li><\/ul><p><span style=\"color: #000000;\">Afin de constituer une macro-bibliographie de th\u00e8ses de doctorat par exemple ou autres publications scientifiques.<\/span><\/p><p><span style=\"color: #000000;\">2\/LA NECESSITE DE NOUVEAUX ECLAIRAGES\u00a0:<\/span><\/p><p><span style=\"color: #000000;\">Les travaux actuellement envisag\u00e9s apportent-ils un nouvel \u00e9clairage, portent-ils sur un champ nouveau, qui m\u00e9rite d\u2019\u00eatre \u00e9tudi\u00e9 ? Ou viennent-ils ressasser de vieux poncifs ?<\/span><\/p><p><span style=\"color: #000000;\">3\/LA FORMULATION DU SUJET\u00a0:<\/span><\/p><p><span style=\"color: #000000;\">Dans l\u2019\u00e9ventail th\u00e9matique observ\u00e9, tels sujets abord\u00e9s sont trop larges ?<\/span><\/p><p><span style=\"color: #000000;\">Ou \u00e0 contrario, tels autres sujets sont trop \u00e9troits : des sujets \u2018entonnoirs\u2019.<\/span><\/p><p><span style=\"color: #000000;\">Comment, par exemple, conjoindre monographies et visions g\u00e9ographiques au sens large, dans le cadre de la g\u00e9opolitique du g\u00e9nocide, dans l\u2019Afrique des Grands Lacs ?<\/span><\/p><p><span style=\"color: #000000;\">4\/SURTOUT PAS DE LIMITE AU SUJET DE LA RECHERCHE ENVISAGEE :<\/span><\/p><ul><li><span style=\"color: #000000;\">Pas question de se limiter au seul champ social et g\u00e9ographique du Rwanda ou de l\u2019Afrique des Grands Lacs uniquement;<\/span><\/li><li><span style=\"color: #000000;\">Pas question de se limiter \u00e0 la seule p\u00e9riode qui va de 1994 \u00e0 nos jours, car le mal vient de loin, et les s\u00e9quelles risquent de s\u2019inscrire dans la longue dur\u00e9e\u00a0;<\/span><\/li><li><span style=\"color: #000000;\">Les ann\u00e9es 1959 et la p\u00e9riode qui les a suivies doit \u00eatre scrupuleusement scrut\u00e9es, autant que la p\u00e9riode coloniale et pr\u00e9coloniale.<\/span><\/li><\/ul><p><span style=\"color: #000000;\">D\u2019un c\u00f4t\u00e9, notre mobilisation ira jusqu\u2019aux questions connexes du g\u00e9nocide et sa cause, sa gen\u00e8se, sa perp\u00e9tration, ses cons\u00e9quences et la gestion de l\u2019apr\u00e8s g\u00e9nocide, en particulier la transmission de la m\u00e9moire et la lutte contre le n\u00e9gationnisme.<\/span><\/p><p><span style=\"color: #000000;\">D\u2019un autre c\u00f4t\u00e9, afin de ne pas faire, de notre ASBL, une tour d\u2019ivoire ou une chasse gard\u00e9e d\u2019un c\u00e9nacle de mobilisation de chercheurs, pour assurer la plus large diffusion aux ouvrages, avec toute la mise \u00e0 niveau p\u00e9dagogique souhait\u00e9e, la formulation des sujets, des th\u00e8mes et des propos, les \u00e9crits se voudront \u00e0 la fois simples et clairs pour une plus large vulgarisation.<\/span><\/p><p><span style=\"color: #000000;\">Le moment est donc venu de mobiliser tous nos rescap\u00e9s, par-del\u00e0 les seuls chercheurs ou le seul public scientifique.<\/span><\/p><p><span style=\"color: #000000;\">C\u2019est peu dire que les t\u00e9moignages des rescap\u00e9s auront, ici, toute leur place, \u00e0 l\u2019instar du projet que nous venons de lancer et pour lequel nous chercher encore un financement.<\/span><\/p><p><span style=\"color: #000000;\">Il s\u2019agit du projet : \u00ab <strong>La maternit\u00e9 pendant le g\u00e9nocide des Tutsis du Rwanda en 1994 <\/strong>\u00bb, qui consiste \u00e0 collecter les t\u00e9moignages des femmes qui \u00e9taient enceintes pendant le g\u00e9nocide, et qui ont accouch\u00e9 sans soins ni assistance quelconque, dans la peur face \u00e0 une mort certaine qui les attendait et leurs b\u00e9b\u00e9s, et l\u2019incertitude du lendemain.<\/span><\/p><p><span style=\"color: #000000;\">Ce groupe a certainement beaucoup \u00e0 nous apprendre en ce qui concerne la r\u00e9silience, et la transmission de la m\u00e9moire, une m\u00e9moire qui se veut d\u2019embl\u00e9e saine et apais\u00e9e.<\/span><\/p><p><span style=\"color: #000000;\">Voil\u00e0 comment Le R\u00e9seau International Recherche &amp; G\u00e9nocide (RESIRG asbl) compte apporter sa modeste contribution \u00e0 l\u2019\u00e9dification de cette m\u00e9moire universelle, un devoir, qui normalement incombe \u00e0 tout le monde, car le g\u00e9nocide est crime contre l\u2019humanit\u00e9 et la pr\u00e9servation de la m\u00e9moire des victimes concerne toute l\u2019humanit\u00e9.<\/span><\/p>\t\t\t\t\t\t\t\t<\/div>\n\t\t\t\t<\/div>\n\t\t\t\t\t<\/div>\n\t\t<\/div>\n\t\t\t\t\t<\/div>\n\t\t<\/section>\n\t\t\t\t<\/div>\n\t\t","protected":false},"excerpt":{"rendered":"<div class=\"mh-excerpt\"><p>Contrairement au g\u00e9nocide des Arm\u00e9niens et celui des Juifs, deux des 3 plus grands g\u00e9nocide du XX\u00e8me si\u00e8cle, le g\u00e9nocide des Tutsis du Rwanda en <a class=\"mh-excerpt-more\" href=\"https:\/\/resirg.org\/beta\/faq\/\" title=\"Recherche scientifique\">[&#8230;]<\/a><\/p>\n<\/div>","protected":false},"author":1,"featured_media":0,"parent":0,"menu_order":0,"comment_status":"closed","ping_status":"closed","template":"","meta":{"footnotes":""},"class_list":["post-360","page","type-page","status-publish","hentry"],"_links":{"self":[{"href":"https:\/\/resirg.org\/beta\/wp-json\/wp\/v2\/pages\/360","targetHints":{"allow":["GET"]}}],"collection":[{"href":"https:\/\/resirg.org\/beta\/wp-json\/wp\/v2\/pages"}],"about":[{"href":"https:\/\/resirg.org\/beta\/wp-json\/wp\/v2\/types\/page"}],"author":[{"embeddable":true,"href":"https:\/\/resirg.org\/beta\/wp-json\/wp\/v2\/users\/1"}],"replies":[{"embeddable":true,"href":"https:\/\/resirg.org\/beta\/wp-json\/wp\/v2\/comments?post=360"}],"version-history":[{"count":6,"href":"https:\/\/resirg.org\/beta\/wp-json\/wp\/v2\/pages\/360\/revisions"}],"predecessor-version":[{"id":1144,"href":"https:\/\/resirg.org\/beta\/wp-json\/wp\/v2\/pages\/360\/revisions\/1144"}],"wp:attachment":[{"href":"https:\/\/resirg.org\/beta\/wp-json\/wp\/v2\/media?parent=360"}],"curies":[{"name":"wp","href":"https:\/\/api.w.org\/{rel}","templated":true}]}}