{"id":339,"date":"2016-11-03T17:37:59","date_gmt":"2016-11-03T17:37:59","guid":{"rendered":"http:\/\/lawyer2.mythemecloud.io\/?page_id=339"},"modified":"2020-10-03T18:02:14","modified_gmt":"2020-10-03T18:02:14","slug":"attorneys","status":"publish","type":"page","link":"https:\/\/resirg.org\/beta\/attorneys\/","title":{"rendered":"Nos actions et nos projets"},"content":{"rendered":"\t\t<div data-elementor-type=\"wp-page\" data-elementor-id=\"339\" class=\"elementor elementor-339\">\n\t\t\t\t\t\t<section class=\"elementor-section elementor-top-section elementor-element elementor-element-n3byb0y attorneys-boxes elementor-section-boxed elementor-section-height-default elementor-section-height-default\" data-id=\"n3byb0y\" data-element_type=\"section\">\n\t\t\t\t\t\t<div class=\"elementor-container elementor-column-gap-default\">\n\t\t\t\t\t<div class=\"elementor-column elementor-col-100 elementor-top-column elementor-element elementor-element-gjcp8pe\" data-id=\"gjcp8pe\" data-element_type=\"column\">\n\t\t\t<div class=\"elementor-widget-wrap elementor-element-populated\">\n\t\t\t\t\t\t<section class=\"elementor-section elementor-inner-section elementor-element elementor-element-l6bbh58 elementor-section-boxed elementor-section-height-default elementor-section-height-default\" data-id=\"l6bbh58\" data-element_type=\"section\">\n\t\t\t\t\t\t<div class=\"elementor-container elementor-column-gap-default\">\n\t\t\t\t\t<div class=\"elementor-column elementor-col-25 elementor-inner-column elementor-element elementor-element-5ktiudl\" data-id=\"5ktiudl\" data-element_type=\"column\">\n\t\t\t<div class=\"elementor-widget-wrap elementor-element-populated\">\n\t\t\t\t\t\t<div class=\"elementor-element elementor-element-8zfjnym elementor-position-top elementor-widget elementor-widget-image-box\" data-id=\"8zfjnym\" data-element_type=\"widget\" data-widget_type=\"image-box.default\">\n\t\t\t\t<div class=\"elementor-widget-container\">\n\t\t\t\t\t<div class=\"elementor-image-box-wrapper\"><figure class=\"elementor-image-box-img\"><img fetchpriority=\"high\" decoding=\"async\" width=\"935\" height=\"624\" src=\"https:\/\/resirg.org\/beta\/wp-content\/uploads\/2020\/07\/nosaction3.jpg\" class=\"attachment-full size-full wp-image-700\" alt=\"\" srcset=\"https:\/\/resirg.org\/beta\/wp-content\/uploads\/2020\/07\/nosaction3.jpg 935w, https:\/\/resirg.org\/beta\/wp-content\/uploads\/2020\/07\/nosaction3-300x200.jpg 300w, https:\/\/resirg.org\/beta\/wp-content\/uploads\/2020\/07\/nosaction3-768x513.jpg 768w\" sizes=\"(max-width: 935px) 100vw, 935px\" \/><\/figure><div class=\"elementor-image-box-content\"><h3 class=\"elementor-image-box-title\">Resirg<\/h3><p class=\"elementor-image-box-description\">Nos actions<\/p><\/div><\/div>\t\t\t\t<\/div>\n\t\t\t\t<\/div>\n\t\t\t\t<div class=\"elementor-element elementor-element-jzyapxw elementor-widget-divider--view-line elementor-widget elementor-widget-divider\" data-id=\"jzyapxw\" data-element_type=\"widget\" data-widget_type=\"divider.default\">\n\t\t\t\t<div class=\"elementor-widget-container\">\n\t\t\t\t\t\t\t<div class=\"elementor-divider\">\n\t\t\t<span class=\"elementor-divider-separator\">\n\t\t\t\t\t\t<\/span>\n\t\t<\/div>\n\t\t\t\t\t\t<\/div>\n\t\t\t\t<\/div>\n\t\t\t\t<div class=\"elementor-element elementor-element-yaqqpjj elementor-widget elementor-widget-text-editor\" data-id=\"yaqqpjj\" data-element_type=\"widget\" data-widget_type=\"text-editor.default\">\n\t\t\t\t<div class=\"elementor-widget-container\">\n\t\t\t\t\t\t\t\t\t<div>\u00a0<span style=\"color: #000000;\">Depuis sa cr\u00e9ation en 2013, RESIRG asbl s\u2019est focalis\u00e9e sur un travail de valorisation des travaux de recherche en relation avec la pr\u00e9servation et la transmission de la m\u00e9moire du g\u00e9nocide des Tutsis et la prise en charge des rescap\u00e9s de ce g\u00e9nocide.<\/span><\/div><div><span style=\"color: #000000;\">Elle compte donc \u00e0 son actif plusieurs conf\u00e9rences-d\u00e9bats, dont la plupart sont en lien avec les th\u00e8ses de doctorat soutenues en Belgique :<\/span><\/div>\t\t\t\t\t\t\t\t<\/div>\n\t\t\t\t<\/div>\n\t\t\t\t\t<\/div>\n\t\t<\/div>\n\t\t\t\t<div class=\"elementor-column elementor-col-25 elementor-inner-column elementor-element elementor-element-zcb34tu\" data-id=\"zcb34tu\" data-element_type=\"column\">\n\t\t\t<div class=\"elementor-widget-wrap elementor-element-populated\">\n\t\t\t\t\t\t<div class=\"elementor-element elementor-element-vgvfu8b elementor-position-top elementor-widget elementor-widget-image-box\" data-id=\"vgvfu8b\" data-element_type=\"widget\" data-widget_type=\"image-box.default\">\n\t\t\t\t<div class=\"elementor-widget-container\">\n\t\t\t\t\t<div class=\"elementor-image-box-wrapper\"><figure class=\"elementor-image-box-img\"><img decoding=\"async\" width=\"870\" height=\"577\" src=\"https:\/\/resirg.org\/beta\/wp-content\/uploads\/2020\/07\/souper-inougular.jpg\" class=\"attachment-full size-full wp-image-699\" alt=\"\" srcset=\"https:\/\/resirg.org\/beta\/wp-content\/uploads\/2020\/07\/souper-inougular.jpg 870w, https:\/\/resirg.org\/beta\/wp-content\/uploads\/2020\/07\/souper-inougular-300x199.jpg 300w, https:\/\/resirg.org\/beta\/wp-content\/uploads\/2020\/07\/souper-inougular-768x509.jpg 768w\" sizes=\"(max-width: 870px) 100vw, 870px\" \/><\/figure><div class=\"elementor-image-box-content\"><h3 class=\"elementor-image-box-title\">Resirg<\/h3><p class=\"elementor-image-box-description\">\uf0d8\tEn 2013<\/p><\/div><\/div>\t\t\t\t<\/div>\n\t\t\t\t<\/div>\n\t\t\t\t<div class=\"elementor-element elementor-element-7yq816a elementor-widget-divider--view-line elementor-widget elementor-widget-divider\" data-id=\"7yq816a\" data-element_type=\"widget\" data-widget_type=\"divider.default\">\n\t\t\t\t<div class=\"elementor-widget-container\">\n\t\t\t\t\t\t\t<div class=\"elementor-divider\">\n\t\t\t<span class=\"elementor-divider-separator\">\n\t\t\t\t\t\t<\/span>\n\t\t<\/div>\n\t\t\t\t\t\t<\/div>\n\t\t\t\t<\/div>\n\t\t\t\t<div class=\"elementor-element elementor-element-kodsizk elementor-widget elementor-widget-text-editor\" data-id=\"kodsizk\" data-element_type=\"widget\" data-widget_type=\"text-editor.default\">\n\t\t\t\t<div class=\"elementor-widget-container\">\n\t\t\t\t\t\t\t\t\t<p><span style=\"color: #000000;\">En 2013, RESIRG a organis\u00e9 une conf\u00e9rence-d\u00e9bat sous le th\u00e8me de \u00ab La m\u00e9moire du pass\u00e9 dans la reconstruction de l&#8217;\u00c9tat post-g\u00e9nocide: La politique de la m\u00e9moire au travers des INGANDO \u00e0 l&#8217;\u00e9preuve \u00bb. Un th\u00e8me en relation avec la th\u00e8se de doctorat soutenue aux Facult\u00e9s Universitaires Saint-Louis \u00e0 Bruxelles, par le Dr Eric NDUSHABANDI.<\/span><\/p>\t\t\t\t\t\t\t\t<\/div>\n\t\t\t\t<\/div>\n\t\t\t\t\t<\/div>\n\t\t<\/div>\n\t\t\t\t<div class=\"elementor-column elementor-col-25 elementor-inner-column elementor-element elementor-element-92lyd4h\" data-id=\"92lyd4h\" data-element_type=\"column\">\n\t\t\t<div class=\"elementor-widget-wrap elementor-element-populated\">\n\t\t\t\t\t\t<div class=\"elementor-element elementor-element-edh5zhy elementor-position-top elementor-widget elementor-widget-image-box\" data-id=\"edh5zhy\" data-element_type=\"widget\" data-widget_type=\"image-box.default\">\n\t\t\t\t<div class=\"elementor-widget-container\">\n\t\t\t\t\t<div class=\"elementor-image-box-wrapper\"><figure class=\"elementor-image-box-img\"><img decoding=\"async\" width=\"1041\" height=\"651\" src=\"https:\/\/resirg.org\/beta\/wp-content\/uploads\/2020\/07\/nosactions.jpg\" class=\"attachment-full size-full wp-image-701\" alt=\"\" srcset=\"https:\/\/resirg.org\/beta\/wp-content\/uploads\/2020\/07\/nosactions.jpg 1041w, https:\/\/resirg.org\/beta\/wp-content\/uploads\/2020\/07\/nosactions-300x188.jpg 300w, https:\/\/resirg.org\/beta\/wp-content\/uploads\/2020\/07\/nosactions-1024x640.jpg 1024w, https:\/\/resirg.org\/beta\/wp-content\/uploads\/2020\/07\/nosactions-768x480.jpg 768w\" sizes=\"(max-width: 1041px) 100vw, 1041px\" \/><\/figure><div class=\"elementor-image-box-content\"><h3 class=\"elementor-image-box-title\">Resirg<\/h3><p class=\"elementor-image-box-description\">En 2014<\/p><\/div><\/div>\t\t\t\t<\/div>\n\t\t\t\t<\/div>\n\t\t\t\t<div class=\"elementor-element elementor-element-14z56pf elementor-widget-divider--view-line elementor-widget elementor-widget-divider\" data-id=\"14z56pf\" data-element_type=\"widget\" data-widget_type=\"divider.default\">\n\t\t\t\t<div class=\"elementor-widget-container\">\n\t\t\t\t\t\t\t<div class=\"elementor-divider\">\n\t\t\t<span class=\"elementor-divider-separator\">\n\t\t\t\t\t\t<\/span>\n\t\t<\/div>\n\t\t\t\t\t\t<\/div>\n\t\t\t\t<\/div>\n\t\t\t\t<div class=\"elementor-element elementor-element-pklqypg elementor-widget elementor-widget-text-editor\" data-id=\"pklqypg\" data-element_type=\"widget\" data-widget_type=\"text-editor.default\">\n\t\t\t\t<div class=\"elementor-widget-container\">\n\t\t\t\t\t\t\t\t\t<p><span style=\"color: #000000;\">En 2014, RESIRG a organis\u00e9 une conf\u00e9rence-d\u00e9bat sous le th\u00e8me : \u00ab Les crises traumatiques collectives lors des comm\u00e9morations du g\u00e9nocide contre les Tutsis. Aspects cliniques et perspectives th\u00e9rapeutiques \u00bb. Un th\u00e8me en relation avec la th\u00e8se de doctorat soutenue \u00e0 l&#8217;Universit\u00e9 Catholique de Louvain (UCL), par Le Dr Darius GISHOMA.<\/span><\/p>\t\t\t\t\t\t\t\t<\/div>\n\t\t\t\t<\/div>\n\t\t\t\t\t<\/div>\n\t\t<\/div>\n\t\t\t\t<div class=\"elementor-column elementor-col-25 elementor-inner-column elementor-element elementor-element-sq58alr\" data-id=\"sq58alr\" data-element_type=\"column\">\n\t\t\t<div class=\"elementor-widget-wrap elementor-element-populated\">\n\t\t\t\t\t\t<div class=\"elementor-element elementor-element-gii952b elementor-position-top elementor-widget elementor-widget-image-box\" data-id=\"gii952b\" data-element_type=\"widget\" data-widget_type=\"image-box.default\">\n\t\t\t\t<div class=\"elementor-widget-container\">\n\t\t\t\t\t<div class=\"elementor-image-box-wrapper\"><figure class=\"elementor-image-box-img\"><img loading=\"lazy\" decoding=\"async\" width=\"1041\" height=\"631\" src=\"https:\/\/resirg.org\/beta\/wp-content\/uploads\/2020\/07\/souper2.jpg\" class=\"attachment-full size-full wp-image-702\" alt=\"\" srcset=\"https:\/\/resirg.org\/beta\/wp-content\/uploads\/2020\/07\/souper2.jpg 1041w, https:\/\/resirg.org\/beta\/wp-content\/uploads\/2020\/07\/souper2-300x182.jpg 300w, https:\/\/resirg.org\/beta\/wp-content\/uploads\/2020\/07\/souper2-1024x621.jpg 1024w, https:\/\/resirg.org\/beta\/wp-content\/uploads\/2020\/07\/souper2-768x466.jpg 768w\" sizes=\"(max-width: 1041px) 100vw, 1041px\" \/><\/figure><div class=\"elementor-image-box-content\"><h3 class=\"elementor-image-box-title\">Resirg<\/h3><p class=\"elementor-image-box-description\">En 2015<\/p><\/div><\/div>\t\t\t\t<\/div>\n\t\t\t\t<\/div>\n\t\t\t\t<div class=\"elementor-element elementor-element-3qpqpmf elementor-widget-divider--view-line elementor-widget elementor-widget-divider\" data-id=\"3qpqpmf\" data-element_type=\"widget\" data-widget_type=\"divider.default\">\n\t\t\t\t<div class=\"elementor-widget-container\">\n\t\t\t\t\t\t\t<div class=\"elementor-divider\">\n\t\t\t<span class=\"elementor-divider-separator\">\n\t\t\t\t\t\t<\/span>\n\t\t<\/div>\n\t\t\t\t\t\t<\/div>\n\t\t\t\t<\/div>\n\t\t\t\t<div class=\"elementor-element elementor-element-xtkv4x9 elementor-widget elementor-widget-text-editor\" data-id=\"xtkv4x9\" data-element_type=\"widget\" data-widget_type=\"text-editor.default\">\n\t\t\t\t<div class=\"elementor-widget-container\">\n\t\t\t\t\t\t\t\t\t<p><span style=\"color: #000000;\">En 2015, RESIRG a organis\u00e9 \u00e0 l&#8217;ULB une conf\u00e9rence-d\u00e9bat sous le th\u00e8me<\/span> \u00ab <strong><em>Rwanda: Racisme et g\u00e9nocide. L&#8217;id\u00e9ologie hamitique <\/em><\/strong>\u00bb. <span style=\"color: #000000;\">Un th\u00e8me en relation avec le livre du m\u00eame nom publi\u00e9 aux \u00e9ditions Belin en 2013, par le Pr Jean Pierre CHRETIEN, historien et Directeur de recherche \u00e9m\u00e9rite du CNRS, et le Dr Marcel KABANDA, historien, consultant \u00e0 l\u2019UNESCO et actuel Pr\u00e9sident d\u2019Ibuka France.<\/span><\/p>\t\t\t\t\t\t\t\t<\/div>\n\t\t\t\t<\/div>\n\t\t\t\t\t<\/div>\n\t\t<\/div>\n\t\t\t\t\t<\/div>\n\t\t<\/section>\n\t\t\t\t<div class=\"elementor-element elementor-element-zspvihv elementor-widget-divider--view-line elementor-widget elementor-widget-divider\" data-id=\"zspvihv\" data-element_type=\"widget\" data-widget_type=\"divider.default\">\n\t\t\t\t<div class=\"elementor-widget-container\">\n\t\t\t\t\t\t\t<div class=\"elementor-divider\">\n\t\t\t<span class=\"elementor-divider-separator\">\n\t\t\t\t\t\t<\/span>\n\t\t<\/div>\n\t\t\t\t\t\t<\/div>\n\t\t\t\t<\/div>\n\t\t\t\t<section class=\"elementor-section elementor-inner-section elementor-element elementor-element-3yr83wh elementor-section-boxed elementor-section-height-default elementor-section-height-default\" data-id=\"3yr83wh\" data-element_type=\"section\">\n\t\t\t\t\t\t<div class=\"elementor-container elementor-column-gap-default\">\n\t\t\t\t\t<div class=\"elementor-column elementor-col-20 elementor-inner-column elementor-element elementor-element-fmc3hvo\" data-id=\"fmc3hvo\" data-element_type=\"column\">\n\t\t\t<div class=\"elementor-widget-wrap elementor-element-populated\">\n\t\t\t\t\t\t<div class=\"elementor-element elementor-element-sdtpkzh elementor-position-top elementor-widget elementor-widget-image-box\" data-id=\"sdtpkzh\" data-element_type=\"widget\" data-widget_type=\"image-box.default\">\n\t\t\t\t<div class=\"elementor-widget-container\">\n\t\t\t\t\t<div class=\"elementor-image-box-wrapper\"><figure class=\"elementor-image-box-img\"><img loading=\"lazy\" decoding=\"async\" width=\"1041\" height=\"631\" src=\"https:\/\/resirg.org\/beta\/wp-content\/uploads\/2020\/07\/souper2.jpg\" class=\"attachment-full size-full wp-image-702\" alt=\"\" srcset=\"https:\/\/resirg.org\/beta\/wp-content\/uploads\/2020\/07\/souper2.jpg 1041w, https:\/\/resirg.org\/beta\/wp-content\/uploads\/2020\/07\/souper2-300x182.jpg 300w, https:\/\/resirg.org\/beta\/wp-content\/uploads\/2020\/07\/souper2-1024x621.jpg 1024w, https:\/\/resirg.org\/beta\/wp-content\/uploads\/2020\/07\/souper2-768x466.jpg 768w\" sizes=\"(max-width: 1041px) 100vw, 1041px\" \/><\/figure><div class=\"elementor-image-box-content\"><h3 class=\"elementor-image-box-title\">Resirg<\/h3><p class=\"elementor-image-box-description\">En 2016<\/p><\/div><\/div>\t\t\t\t<\/div>\n\t\t\t\t<\/div>\n\t\t\t\t<div class=\"elementor-element elementor-element-vfzom67 elementor-widget-divider--view-line elementor-widget elementor-widget-divider\" data-id=\"vfzom67\" data-element_type=\"widget\" data-widget_type=\"divider.default\">\n\t\t\t\t<div class=\"elementor-widget-container\">\n\t\t\t\t\t\t\t<div class=\"elementor-divider\">\n\t\t\t<span class=\"elementor-divider-separator\">\n\t\t\t\t\t\t<\/span>\n\t\t<\/div>\n\t\t\t\t\t\t<\/div>\n\t\t\t\t<\/div>\n\t\t\t\t<div class=\"elementor-element elementor-element-1bxnmtd elementor-widget elementor-widget-text-editor\" data-id=\"1bxnmtd\" data-element_type=\"widget\" data-widget_type=\"text-editor.default\">\n\t\t\t\t<div class=\"elementor-widget-container\">\n\t\t\t\t\t\t\t\t\t<p><span style=\"color: #000000;\">En 2016, RESIRG a organis\u00e9 une conf\u00e9rence-d\u00e9bat dans la salle de \u00ab Brussels Press Club Europe \u00bb, sous le th\u00e8me \u00ab Le G\u00e9nocide contre les Tutsi et la reconstruction de la paix au Rwanda: Vers quel avenir ? \u00bb. Th\u00e8me en relation avec la th\u00e8se de doctorat soutenue \u00e0 l\u2019Universit\u00e9 de Strasbourg par le Dr Epimaque SHERTI, et publi\u00e9e aux \u00e9ditions L\u2019Harmattan en 2014;.<\/span><\/p>\t\t\t\t\t\t\t\t<\/div>\n\t\t\t\t<\/div>\n\t\t\t\t\t<\/div>\n\t\t<\/div>\n\t\t\t\t<div class=\"elementor-column elementor-col-20 elementor-inner-column elementor-element elementor-element-s48gkui\" data-id=\"s48gkui\" data-element_type=\"column\">\n\t\t\t<div class=\"elementor-widget-wrap elementor-element-populated\">\n\t\t\t\t\t\t<div class=\"elementor-element elementor-element-kbped3k elementor-position-top elementor-widget elementor-widget-image-box\" data-id=\"kbped3k\" data-element_type=\"widget\" data-widget_type=\"image-box.default\">\n\t\t\t\t<div class=\"elementor-widget-container\">\n\t\t\t\t\t<div class=\"elementor-image-box-wrapper\"><figure class=\"elementor-image-box-img\"><img decoding=\"async\" width=\"1041\" height=\"651\" src=\"https:\/\/resirg.org\/beta\/wp-content\/uploads\/2020\/07\/nosactions.jpg\" class=\"attachment-full size-full wp-image-701\" alt=\"\" srcset=\"https:\/\/resirg.org\/beta\/wp-content\/uploads\/2020\/07\/nosactions.jpg 1041w, https:\/\/resirg.org\/beta\/wp-content\/uploads\/2020\/07\/nosactions-300x188.jpg 300w, https:\/\/resirg.org\/beta\/wp-content\/uploads\/2020\/07\/nosactions-1024x640.jpg 1024w, https:\/\/resirg.org\/beta\/wp-content\/uploads\/2020\/07\/nosactions-768x480.jpg 768w\" sizes=\"(max-width: 1041px) 100vw, 1041px\" \/><\/figure><div class=\"elementor-image-box-content\"><h3 class=\"elementor-image-box-title\">Resirg<\/h3><p class=\"elementor-image-box-description\">En 2017<\/p><\/div><\/div>\t\t\t\t<\/div>\n\t\t\t\t<\/div>\n\t\t\t\t<div class=\"elementor-element elementor-element-xyen7l8 elementor-widget-divider--view-line elementor-widget elementor-widget-divider\" data-id=\"xyen7l8\" data-element_type=\"widget\" data-widget_type=\"divider.default\">\n\t\t\t\t<div class=\"elementor-widget-container\">\n\t\t\t\t\t\t\t<div class=\"elementor-divider\">\n\t\t\t<span class=\"elementor-divider-separator\">\n\t\t\t\t\t\t<\/span>\n\t\t<\/div>\n\t\t\t\t\t\t<\/div>\n\t\t\t\t<\/div>\n\t\t\t\t<div class=\"elementor-element elementor-element-57q1wbq elementor-widget elementor-widget-text-editor\" data-id=\"57q1wbq\" data-element_type=\"widget\" data-widget_type=\"text-editor.default\">\n\t\t\t\t<div class=\"elementor-widget-container\">\n\t\t\t\t\t\t\t\t\t<p><span style=\"color: #000000;\">En 2017, RESIRG a organis\u00e9 une conf\u00e9rence-d\u00e9bat dans la salle de Conf\u00e9rence de l\u2019Ambassade du Rwanda \u00e0 Bruxelles, sous le th\u00e8me \u00ab Traumatisme et f\u00e9minit\u00e9: Exp\u00e9riences v\u00e9cues par les femmes victimes de viol lors du g\u00e9nocide des Tutsis au Rwanda \u00bb, un th\u00e8me ax\u00e9 sur la th\u00e8se de doctorat qui venait d\u2019\u00eatre soutenue \u00e0 l&#8217;Universit\u00e9 Catholique de Louvain (UCL) par le Dr Patrick RWAGATARE ;<\/span><\/p>\t\t\t\t\t\t\t\t<\/div>\n\t\t\t\t<\/div>\n\t\t\t\t\t<\/div>\n\t\t<\/div>\n\t\t\t\t<div class=\"elementor-column elementor-col-20 elementor-inner-column elementor-element elementor-element-kxqqpww\" data-id=\"kxqqpww\" data-element_type=\"column\">\n\t\t\t<div class=\"elementor-widget-wrap elementor-element-populated\">\n\t\t\t\t\t\t<div class=\"elementor-element elementor-element-cm89r0t elementor-position-top elementor-widget elementor-widget-image-box\" data-id=\"cm89r0t\" data-element_type=\"widget\" data-widget_type=\"image-box.default\">\n\t\t\t\t<div class=\"elementor-widget-container\">\n\t\t\t\t\t<div class=\"elementor-image-box-wrapper\"><figure class=\"elementor-image-box-img\"><img fetchpriority=\"high\" decoding=\"async\" width=\"935\" height=\"624\" src=\"https:\/\/resirg.org\/beta\/wp-content\/uploads\/2020\/07\/nosaction3.jpg\" class=\"attachment-full size-full wp-image-700\" alt=\"\" srcset=\"https:\/\/resirg.org\/beta\/wp-content\/uploads\/2020\/07\/nosaction3.jpg 935w, https:\/\/resirg.org\/beta\/wp-content\/uploads\/2020\/07\/nosaction3-300x200.jpg 300w, https:\/\/resirg.org\/beta\/wp-content\/uploads\/2020\/07\/nosaction3-768x513.jpg 768w\" sizes=\"(max-width: 935px) 100vw, 935px\" \/><\/figure><div class=\"elementor-image-box-content\"><h3 class=\"elementor-image-box-title\">Resirg<\/h3><p class=\"elementor-image-box-description\">En 2018<\/p><\/div><\/div>\t\t\t\t<\/div>\n\t\t\t\t<\/div>\n\t\t\t\t<div class=\"elementor-element elementor-element-gvrnufl elementor-widget-divider--view-line elementor-widget elementor-widget-divider\" data-id=\"gvrnufl\" data-element_type=\"widget\" data-widget_type=\"divider.default\">\n\t\t\t\t<div class=\"elementor-widget-container\">\n\t\t\t\t\t\t\t<div class=\"elementor-divider\">\n\t\t\t<span class=\"elementor-divider-separator\">\n\t\t\t\t\t\t<\/span>\n\t\t<\/div>\n\t\t\t\t\t\t<\/div>\n\t\t\t\t<\/div>\n\t\t\t\t<div class=\"elementor-element elementor-element-6dp2eu2 elementor-widget elementor-widget-text-editor\" data-id=\"6dp2eu2\" data-element_type=\"widget\" data-widget_type=\"text-editor.default\">\n\t\t\t\t<div class=\"elementor-widget-container\">\n\t\t\t\t\t\t\t\t\t<p><span style=\"color: #000000;\">En 2018, RESIRG a organis\u00e9 une conf\u00e9rence-d\u00e9bat, \u00e9galement dans la salle de Conf\u00e9rence de l\u2019Ambassade du Rwanda \u00e0 Bruxelles, sous le th\u00e8me \u00ab Les Rituels de deuil et la reconstruction psychique apr\u00e8s le g\u00e9nocide perp\u00e9tr\u00e9 contre les Tutsis au Rwanda en 1994 \u00bb, un th\u00e8me qui \u00e9tait en relation avec la th\u00e8se de doctorat qui venait d\u2019\u00eatre soutenue \u00e0 l&#8217;Universit\u00e9 Catholique de Louvain (UCL), par le Dr Augustin NSHIMIYIMANA.<\/span><\/p>\t\t\t\t\t\t\t\t<\/div>\n\t\t\t\t<\/div>\n\t\t\t\t\t<\/div>\n\t\t<\/div>\n\t\t\t\t<div class=\"elementor-column elementor-col-20 elementor-inner-column elementor-element elementor-element-uufp9yr\" data-id=\"uufp9yr\" data-element_type=\"column\">\n\t\t\t<div class=\"elementor-widget-wrap elementor-element-populated\">\n\t\t\t\t\t\t<div class=\"elementor-element elementor-element-ag8wal6 elementor-position-top elementor-widget elementor-widget-image-box\" data-id=\"ag8wal6\" data-element_type=\"widget\" data-widget_type=\"image-box.default\">\n\t\t\t\t<div class=\"elementor-widget-container\">\n\t\t\t\t\t<div class=\"elementor-image-box-wrapper\"><figure class=\"elementor-image-box-img\"><img decoding=\"async\" width=\"870\" height=\"577\" src=\"https:\/\/resirg.org\/beta\/wp-content\/uploads\/2020\/07\/souper-inougular.jpg\" class=\"attachment-full size-full wp-image-699\" alt=\"\" srcset=\"https:\/\/resirg.org\/beta\/wp-content\/uploads\/2020\/07\/souper-inougular.jpg 870w, https:\/\/resirg.org\/beta\/wp-content\/uploads\/2020\/07\/souper-inougular-300x199.jpg 300w, https:\/\/resirg.org\/beta\/wp-content\/uploads\/2020\/07\/souper-inougular-768x509.jpg 768w\" sizes=\"(max-width: 870px) 100vw, 870px\" \/><\/figure><div class=\"elementor-image-box-content\"><h3 class=\"elementor-image-box-title\">Resirg<\/h3><p class=\"elementor-image-box-description\">Autres r\u00e9alisations <\/p><\/div><\/div>\t\t\t\t<\/div>\n\t\t\t\t<\/div>\n\t\t\t\t<div class=\"elementor-element elementor-element-ojf8kvt elementor-widget-divider--view-line elementor-widget elementor-widget-divider\" data-id=\"ojf8kvt\" data-element_type=\"widget\" data-widget_type=\"divider.default\">\n\t\t\t\t<div class=\"elementor-widget-container\">\n\t\t\t\t\t\t\t<div class=\"elementor-divider\">\n\t\t\t<span class=\"elementor-divider-separator\">\n\t\t\t\t\t\t<\/span>\n\t\t<\/div>\n\t\t\t\t\t\t<\/div>\n\t\t\t\t<\/div>\n\t\t\t\t<div class=\"elementor-element elementor-element-fz88l18 elementor-widget elementor-widget-text-editor\" data-id=\"fz88l18\" data-element_type=\"widget\" data-widget_type=\"text-editor.default\">\n\t\t\t\t<div class=\"elementor-widget-container\">\n\t\t\t\t\t\t\t\t\t<p><span style=\"color: #000000;\"><strong>Autres r\u00e9alisations<\/strong>\u00a0: Plus r\u00e9cemment, le 07 d\u00e9cembre 2019, l\u2019association \u00ab\u00a0R\u00e9seau International Recherche &amp; G\u00e9nocide (RESIRG asbl) a organis\u00e9 au Centre Arm\u00e9nien Hay Doun, une soir\u00e9e inaugurale, destin\u00e9e \u00e0 lancer ses activit\u00e9s en tant que nouvelle structure et \u00e0 soutenir la RECHERCHE sur le g\u00e9nocide commis contre les Tutsis au Rwanda en 1994.<\/span><\/p>\t\t\t\t\t\t\t\t<\/div>\n\t\t\t\t<\/div>\n\t\t\t\t\t<\/div>\n\t\t<\/div>\n\t\t\t\t<div class=\"elementor-column elementor-col-20 elementor-inner-column elementor-element elementor-element-490ad22\" data-id=\"490ad22\" data-element_type=\"column\">\n\t\t\t<div class=\"elementor-widget-wrap elementor-element-populated\">\n\t\t\t\t\t\t<div class=\"elementor-element elementor-element-18a1bd2 elementor-position-top elementor-widget elementor-widget-image-box\" data-id=\"18a1bd2\" data-element_type=\"widget\" data-widget_type=\"image-box.default\">\n\t\t\t\t<div class=\"elementor-widget-container\">\n\t\t\t\t\t<div class=\"elementor-image-box-wrapper\"><figure class=\"elementor-image-box-img\"><img decoding=\"async\" width=\"870\" height=\"577\" src=\"https:\/\/resirg.org\/beta\/wp-content\/uploads\/2020\/07\/souper-inougular.jpg\" class=\"attachment-full size-full wp-image-699\" alt=\"\" srcset=\"https:\/\/resirg.org\/beta\/wp-content\/uploads\/2020\/07\/souper-inougular.jpg 870w, https:\/\/resirg.org\/beta\/wp-content\/uploads\/2020\/07\/souper-inougular-300x199.jpg 300w, https:\/\/resirg.org\/beta\/wp-content\/uploads\/2020\/07\/souper-inougular-768x509.jpg 768w\" sizes=\"(max-width: 870px) 100vw, 870px\" \/><\/figure><div class=\"elementor-image-box-content\"><h3 class=\"elementor-image-box-title\">Resirg<\/h3><p class=\"elementor-image-box-description\">Nos projets<\/p><\/div><\/div>\t\t\t\t<\/div>\n\t\t\t\t<\/div>\n\t\t\t\t<div class=\"elementor-element elementor-element-e46da94 elementor-widget-divider--view-line elementor-widget elementor-widget-divider\" data-id=\"e46da94\" data-element_type=\"widget\" data-widget_type=\"divider.default\">\n\t\t\t\t<div class=\"elementor-widget-container\">\n\t\t\t\t\t\t\t<div class=\"elementor-divider\">\n\t\t\t<span class=\"elementor-divider-separator\">\n\t\t\t\t\t\t<\/span>\n\t\t<\/div>\n\t\t\t\t\t\t<\/div>\n\t\t\t\t<\/div>\n\t\t\t\t<div class=\"elementor-element elementor-element-3dbfcd6 elementor-widget elementor-widget-text-editor\" data-id=\"3dbfcd6\" data-element_type=\"widget\" data-widget_type=\"text-editor.default\">\n\t\t\t\t<div class=\"elementor-widget-container\">\n\t\t\t\t\t\t\t\t\t<p><span style=\"color: #000000;\">1.\u00a0RESIRG compte organiser une journ\u00e9e d\u2019\u00e9tude sur \u00ab le r\u00f4le et la responsabilit\u00e9 de la communaut\u00e9 internationale pendant le g\u00e9nocide contre les Tutsis du Rwanda en 1994 \u00bb, afin de discuter sur l\u2019\u00e9ventuelle culpabilit\u00e9 ou responsabilit\u00e9 de certaines institutions internationales comme les Nations Unies, l\u2019Eglise Catholique, certains pays comme la Belgique, la France, les USA, etc. pendant ce g\u00e9nocide. <\/span><br \/><span style=\"color: #000000;\">2.\u00a0Parmi les grands projets figure aussi \u00ab le soutien \u00e0 l\u2019\u00e9criture des t\u00e9moignages des rescap\u00e9s du g\u00e9nocide des Tutsis en commen\u00e7a par la collecte de t\u00e9moignages de femmes enceintes qui ont d\u00fb accoucher dans un contexte de peur et de mort, et sans la moindre assistance. Un groupe qui a beaucoup \u00e0 nous apprendre, surtout en termes de r\u00e9silience et de transmission d\u2019une m\u00e9moire saine et apais\u00e9e.<\/span><\/p>\t\t\t\t\t\t\t\t<\/div>\n\t\t\t\t<\/div>\n\t\t\t\t\t<\/div>\n\t\t<\/div>\n\t\t\t\t\t<\/div>\n\t\t<\/section>\n\t\t\t\t\t<\/div>\n\t\t<\/div>\n\t\t\t\t\t<\/div>\n\t\t<\/section>\n\t\t\t\t<\/div>\n\t\t","protected":false},"excerpt":{"rendered":"<div class=\"mh-excerpt\"><p>Resirg Nos actions \u00a0Depuis sa cr\u00e9ation en 2013, RESIRG asbl s\u2019est focalis\u00e9e sur un travail de valorisation des travaux de recherche en relation avec la <a class=\"mh-excerpt-more\" href=\"https:\/\/resirg.org\/beta\/attorneys\/\" title=\"Nos actions et nos projets\">[&#8230;]<\/a><\/p>\n<\/div>","protected":false},"author":1,"featured_media":0,"parent":0,"menu_order":0,"comment_status":"closed","ping_status":"closed","template":"","meta":{"footnotes":""},"class_list":["post-339","page","type-page","status-publish","hentry"],"_links":{"self":[{"href":"https:\/\/resirg.org\/beta\/wp-json\/wp\/v2\/pages\/339","targetHints":{"allow":["GET"]}}],"collection":[{"href":"https:\/\/resirg.org\/beta\/wp-json\/wp\/v2\/pages"}],"about":[{"href":"https:\/\/resirg.org\/beta\/wp-json\/wp\/v2\/types\/page"}],"author":[{"embeddable":true,"href":"https:\/\/resirg.org\/beta\/wp-json\/wp\/v2\/users\/1"}],"replies":[{"embeddable":true,"href":"https:\/\/resirg.org\/beta\/wp-json\/wp\/v2\/comments?post=339"}],"version-history":[{"count":10,"href":"https:\/\/resirg.org\/beta\/wp-json\/wp\/v2\/pages\/339\/revisions"}],"predecessor-version":[{"id":857,"href":"https:\/\/resirg.org\/beta\/wp-json\/wp\/v2\/pages\/339\/revisions\/857"}],"wp:attachment":[{"href":"https:\/\/resirg.org\/beta\/wp-json\/wp\/v2\/media?parent=339"}],"curies":[{"name":"wp","href":"https:\/\/api.w.org\/{rel}","templated":true}]}}