{"id":294,"date":"2016-11-03T16:50:09","date_gmt":"2016-11-03T16:50:09","guid":{"rendered":"http:\/\/lawyer2.mythemecloud.io\/?page_id=294"},"modified":"2020-10-03T17:57:24","modified_gmt":"2020-10-03T17:57:24","slug":"practice-areas","status":"publish","type":"page","link":"https:\/\/resirg.org\/beta\/practice-areas\/","title":{"rendered":"Qui sommes-nous"},"content":{"rendered":"\t\t<div data-elementor-type=\"wp-page\" data-elementor-id=\"294\" class=\"elementor elementor-294\">\n\t\t\t\t\t\t<section class=\"elementor-section elementor-top-section elementor-element elementor-element-bu71rau elementor-section-boxed elementor-section-height-default elementor-section-height-default\" data-id=\"bu71rau\" data-element_type=\"section\">\n\t\t\t\t\t\t<div class=\"elementor-container elementor-column-gap-default\">\n\t\t\t\t\t<div class=\"elementor-column elementor-col-33 elementor-top-column elementor-element elementor-element-p4b3n7m\" data-id=\"p4b3n7m\" data-element_type=\"column\">\n\t\t\t<div class=\"elementor-widget-wrap elementor-element-populated\">\n\t\t\t\t\t\t<div class=\"elementor-element elementor-element-73gt1to areas-box elementor-position-top elementor-widget elementor-widget-image-box\" data-id=\"73gt1to\" data-element_type=\"widget\" data-widget_type=\"image-box.default\">\n\t\t\t\t<div class=\"elementor-widget-container\">\n\t\t\t\t\t<div class=\"elementor-image-box-wrapper\"><figure class=\"elementor-image-box-img\"><a href=\"#\" tabindex=\"-1\"><img fetchpriority=\"high\" decoding=\"async\" width=\"960\" height=\"638\" src=\"https:\/\/resirg.org\/beta\/wp-content\/uploads\/2020\/07\/resirghomephoto.jpg\" class=\"attachment-full size-full wp-image-698\" alt=\"\" srcset=\"https:\/\/resirg.org\/beta\/wp-content\/uploads\/2020\/07\/resirghomephoto.jpg 960w, https:\/\/resirg.org\/beta\/wp-content\/uploads\/2020\/07\/resirghomephoto-300x199.jpg 300w, https:\/\/resirg.org\/beta\/wp-content\/uploads\/2020\/07\/resirghomephoto-768x510.jpg 768w\" sizes=\"(max-width: 960px) 100vw, 960px\" \/><\/a><\/figure><div class=\"elementor-image-box-content\"><h3 class=\"elementor-image-box-title\"><a href=\"#\">Notre historique ;<\/a><\/h3><p class=\"elementor-image-box-description\"><font color=black>Fond\u00e9e, de facto, le 9 juin 2013, le R\u00e9seau International Recherche & G\u00e9nocide (RESIRG asbl) est une Association Sans But Lucratif de droit belge, .\nElle a obtenu sa personnalit\u00e9 juridique et publi\u00e9e au Moniteur belge le 13 mai 2019, sous le n\u00b0 0726593544. Au d\u00e9but, la d\u00e9nomination compl\u00e8te \u00e9tait : \u00ab R\u00e9seau Scientifique International de Recherche et d\u2019Information sur le Rwanda et l\u2019Afrique des Grands Lacs \u00bb. Initialement, en plus de la question du g\u00e9nocide, l'id\u00e9e \u00e9tait de couvrir tous les domaines potentiels de la recherche, \u00e0 savoir le domaine politique, \u00e9conomique, social, m\u00e9dical, etc.\nLors de la demande de la personnalit\u00e9 juridique, la d\u00e9cision a \u00e9t\u00e9 prise de restreindre le champ de travail en ciblant un domaine pr\u00e9cis, le g\u00e9nocide des Tutsis, et tout autre g\u00e9nocide reconnu par la communaut\u00e9 internationale. Voil\u00e0 pourquoi, le nom retenu a \u00e9t\u00e9 finalement le RESIRG (R\u00e9seau International Recherche & G\u00e9nocide).<\/font><\/p><\/div><\/div>\t\t\t\t<\/div>\n\t\t\t\t<\/div>\n\t\t\t\t\t<\/div>\n\t\t<\/div>\n\t\t\t\t<div class=\"elementor-column elementor-col-33 elementor-top-column elementor-element elementor-element-94z8gp3\" data-id=\"94z8gp3\" data-element_type=\"column\">\n\t\t\t<div class=\"elementor-widget-wrap elementor-element-populated\">\n\t\t\t\t\t\t<div class=\"elementor-element elementor-element-o8y6vue areas-box elementor-position-top elementor-widget elementor-widget-image-box\" data-id=\"o8y6vue\" data-element_type=\"widget\" data-widget_type=\"image-box.default\">\n\t\t\t\t<div class=\"elementor-widget-container\">\n\t\t\t\t\t<div class=\"elementor-image-box-wrapper\"><figure class=\"elementor-image-box-img\"><a href=\"#\" tabindex=\"-1\"><img decoding=\"async\" width=\"870\" height=\"577\" src=\"https:\/\/resirg.org\/beta\/wp-content\/uploads\/2020\/07\/souper-inougular.jpg\" class=\"attachment-full size-full wp-image-699\" alt=\"\" srcset=\"https:\/\/resirg.org\/beta\/wp-content\/uploads\/2020\/07\/souper-inougular.jpg 870w, https:\/\/resirg.org\/beta\/wp-content\/uploads\/2020\/07\/souper-inougular-300x199.jpg 300w, https:\/\/resirg.org\/beta\/wp-content\/uploads\/2020\/07\/souper-inougular-768x509.jpg 768w\" sizes=\"(max-width: 870px) 100vw, 870px\" \/><\/a><\/figure><div class=\"elementor-image-box-content\"><h3 class=\"elementor-image-box-title\"><a href=\"#\"><br>Nos objectifs <\/a><\/h3><p class=\"elementor-image-box-description\"><font color=black>RESIRG a pour objectif de d\u00e9velopper et de promouvoir la recherche, l\u2019information et l\u2019\u00e9ducation, dans leur rapport avec le g\u00e9nocide perp\u00e9tr\u00e9 contre les Tutsis du Rwanda en 1994, ou avec tout autre g\u00e9nocide reconnu par les instances habilit\u00e9es de la communaut\u00e9 internationale. On aura compris, entre autres, que la pr\u00e9servation et la transmission de la m\u00e9moire, que le combat contre le n\u00e9gationnisme, l\u2019extr\u00e9misme radical, le racisme et la discrimination, que la promotion du respect de la diversit\u00e9 et du droit de chacun \u00e0 la vie et \u00e0 la dignit\u00e9, sont, pour RESIRG, les ma\u00eetres-mots.<\/font><\/p><\/div><\/div>\t\t\t\t<\/div>\n\t\t\t\t<\/div>\n\t\t\t\t\t<\/div>\n\t\t<\/div>\n\t\t\t\t<div class=\"elementor-column elementor-col-33 elementor-top-column elementor-element elementor-element-phobwjz\" data-id=\"phobwjz\" data-element_type=\"column\">\n\t\t\t<div class=\"elementor-widget-wrap elementor-element-populated\">\n\t\t\t\t\t\t<div class=\"elementor-element elementor-element-clyq47f areas-box elementor-position-top elementor-widget elementor-widget-image-box\" data-id=\"clyq47f\" data-element_type=\"widget\" data-widget_type=\"image-box.default\">\n\t\t\t\t<div class=\"elementor-widget-container\">\n\t\t\t\t\t<div class=\"elementor-image-box-wrapper\"><figure class=\"elementor-image-box-img\"><a href=\"#\" tabindex=\"-1\"><img decoding=\"async\" width=\"935\" height=\"624\" src=\"https:\/\/resirg.org\/beta\/wp-content\/uploads\/2020\/07\/nosaction3.jpg\" class=\"attachment-full size-full wp-image-700\" alt=\"\" srcset=\"https:\/\/resirg.org\/beta\/wp-content\/uploads\/2020\/07\/nosaction3.jpg 935w, https:\/\/resirg.org\/beta\/wp-content\/uploads\/2020\/07\/nosaction3-300x200.jpg 300w, https:\/\/resirg.org\/beta\/wp-content\/uploads\/2020\/07\/nosaction3-768x513.jpg 768w\" sizes=\"(max-width: 935px) 100vw, 935px\" \/><\/a><\/figure><div class=\"elementor-image-box-content\"><h3 class=\"elementor-image-box-title\"><a href=\"#\"><br>Nos missions <\/a><\/h3><p class=\"elementor-image-box-description\"><font color=black>Les principales missions du RESIRG (ASBL) sont : \n1.\t Organiser et promouvoir des actions de recherche sur le g\u00e9nocide des Tutsis du Rwanda en 1994, afin de contribuer \u00e0 l\u2019intelligence de ses causes, \u00e0 la compr\u00e9hension de ses cons\u00e9quences, ainsi qu\u2019\u00e0 la pr\u00e9vention de tout autre g\u00e9nocide, tant au Rwanda que partout ailleurs dans le monde ;\n2.\t Effectuer des travaux de recherche sur les strat\u00e9gies de pr\u00e9servation et de transmission de la m\u00e9moire, aussi bien du g\u00e9nocide en cause que de tout autre g\u00e9nocide reconnu par les instances habilit\u00e9es de la communaut\u00e9 internationale ;\n3.\t Soutenir les chercheurs, tant dans leur qualit\u00e9 de personnes morales que dans leur titre de personnalit\u00e9s scientifiques, pour peu que leurs travaux abondent dans le sens de la th\u00e9matique ici \u00e0 l\u2019\u00e9tude ;\n4.\t Former, informer, \u00e9duquer et sensibiliser le public, au premier chef duquel les g\u00e9n\u00e9rations qui montent;\nSoutenir les rescap\u00e9s du g\u00e9nocide perp\u00e9tr\u00e9 contre les Tutsis par tous les moyens \u00e0 notre disposition;\n6.\t Contribuer \u00e0 la lutte contre toute forme de n\u00e9gationnisme des g\u00e9nocides consacr\u00e9s comme tels par le droit international.<\/font>\n<\/p><\/div><\/div>\t\t\t\t<\/div>\n\t\t\t\t<\/div>\n\t\t\t\t\t<\/div>\n\t\t<\/div>\n\t\t\t\t\t<\/div>\n\t\t<\/section>\n\t\t\t\t<\/div>\n\t\t","protected":false},"excerpt":{"rendered":"<div class=\"mh-excerpt\"><p>Notre historique ; Fond\u00e9e, de facto, le 9 juin 2013, le R\u00e9seau International Recherche &#038; G\u00e9nocide (RESIRG asbl) est une Association Sans But Lucratif de <a class=\"mh-excerpt-more\" href=\"https:\/\/resirg.org\/beta\/practice-areas\/\" title=\"Qui sommes-nous\">[&#8230;]<\/a><\/p>\n<\/div>","protected":false},"author":1,"featured_media":0,"parent":0,"menu_order":0,"comment_status":"closed","ping_status":"closed","template":"","meta":{"footnotes":""},"class_list":["post-294","page","type-page","status-publish","hentry"],"_links":{"self":[{"href":"https:\/\/resirg.org\/beta\/wp-json\/wp\/v2\/pages\/294","targetHints":{"allow":["GET"]}}],"collection":[{"href":"https:\/\/resirg.org\/beta\/wp-json\/wp\/v2\/pages"}],"about":[{"href":"https:\/\/resirg.org\/beta\/wp-json\/wp\/v2\/types\/page"}],"author":[{"embeddable":true,"href":"https:\/\/resirg.org\/beta\/wp-json\/wp\/v2\/users\/1"}],"replies":[{"embeddable":true,"href":"https:\/\/resirg.org\/beta\/wp-json\/wp\/v2\/comments?post=294"}],"version-history":[{"count":20,"href":"https:\/\/resirg.org\/beta\/wp-json\/wp\/v2\/pages\/294\/revisions"}],"predecessor-version":[{"id":854,"href":"https:\/\/resirg.org\/beta\/wp-json\/wp\/v2\/pages\/294\/revisions\/854"}],"wp:attachment":[{"href":"https:\/\/resirg.org\/beta\/wp-json\/wp\/v2\/media?parent=294"}],"curies":[{"name":"wp","href":"https:\/\/api.w.org\/{rel}","templated":true}]}}